{"id":182,"date":"2021-12-19T11:33:04","date_gmt":"2021-12-19T11:33:04","guid":{"rendered":"https:\/\/www.birdingthestrait.com\/?page_id=182"},"modified":"2025-10-13T16:56:30","modified_gmt":"2025-10-13T16:56:30","slug":"excursiones-ornitologicas","status":"publish","type":"page","link":"https:\/\/birdingthestrait.com\/es\/excursiones-ornitologicas\/","title":{"rendered":"Excursiones ornitol\u00f3gicas desde Tarifa"},"content":{"rendered":"\n<div class=\"wp-block-cover alignfull is-light has-custom-content-position is-position-bottom-center\" style=\"min-height:200px;aspect-ratio:unset;\"><img decoding=\"async\" class=\"wp-block-cover__image-background wp-image-11219\" alt=\"\u00c1guila Calzada, rapaces en migraci\u00f3n. Fotograf\u00eda de Yeray Seminario.\" src=\"https:\/\/birdingthestrait.com\/es\/wp-content\/uploads\/sites\/2\/2024\/06\/Calzada-scaled.jpg\" style=\"object-position:50% 70%\" data-object-fit=\"cover\" data-object-position=\"50% 70%\" \/><span aria-hidden=\"true\" class=\"wp-block-cover__background has-background-dim-0 has-background-dim\" style=\"background-color:#cb9d71\"><\/span><div class=\"wp-block-cover__inner-container is-layout-flow wp-block-cover-is-layout-flow\">\n<p class=\"has-text-align-center has-large-font-size\"><\/p>\n<\/div><\/div>\n\n\n\n<div class=\"wp-block-columns alignwide is-layout-flex wp-container-core-columns-is-layout-28f84493 wp-block-columns-is-layout-flex\">\n<div class=\"wp-block-column is-layout-flow wp-block-column-is-layout-flow\" style=\"flex-basis:38%\">\n<div class=\"wp-block-group is-layout-flow wp-block-group-is-layout-flow\">\n<div class=\"wp-block-group alignwide is-layout-flow wp-block-group-is-layout-flow\">\n<h1 class=\"wp-block-heading alignwide buo-page-title buo-no-margins\" id=\"excursiones-ornitologicas-desde-tarifa-1\" style=\"padding-top:0;padding-right:0;padding-bottom:0;padding-left:0;font-size:clamp(1.743rem, 1.743rem + ((1vw - 0.2rem) * 2.285), 3rem);\">Excursiones ornitol\u00f3gicas <\/h1>\n\n\n\n<h2 class=\"wp-block-heading alignwide buo-no-margins has-primary-color has-text-color\" id=\"excursiones-ornitologicas-desde-tarifa-1\" style=\"margin-top:0.7rem;padding-top:0;padding-right:0;padding-bottom:0;padding-left:0;font-size:clamp(1.146rem, 1.146rem + ((1vw - 0.2rem) * 1.189), 1.8rem);\">desde Tarifa<\/h2>\n<\/div>\n\n\n\n<div class=\"wp-block-group is-layout-flow wp-block-group-is-layout-flow\">\n<p><strong>Birding The Strait<\/strong>&nbsp;organiza excursiones ornitol\u00f3gicas desde&nbsp;<strong>Tarifa<\/strong>, el&nbsp;<strong>Estrecho de Gibraltar<\/strong>&nbsp;y otros puntos de la provincia de&nbsp;<strong>C\u00e1diz<\/strong>. Estas salidas son apropiadas para personas que viajen solas, parejas, familias y grupos de amigos. Si te est\u00e1s alojando en Tarifa o cualquier otro pueblo en la provincia de C\u00e1diz, podemos organizar una excursi\u00f3n de observaci\u00f3n de aves y naturaleza adecuada a tus necesidades.<\/p>\n\n\n\n<p>El Estrecho de Gibraltar es una de las regiones m\u00e1s bellas de Europa. Aqu\u00ed, entre dos mares y dos continentes, encontrar\u00e1s la espectacular combinaci\u00f3n de uno de los litorales mejor conservados de Espa\u00f1a y uno de sus bosques m\u00e1s extensos, junto a un mosaico de praderas, dehesas, marismas y monta\u00f1as. El&nbsp;<strong>Parque Natural del Estrecho<\/strong>&nbsp;y de&nbsp;<strong>Los Alcornocales<\/strong>, junto a la&nbsp;<strong>Reserva de la Biosfera Intercontinental del Mediterr\u00e1neo<\/strong>, albergan un patrimonio natural y cultural excepcional.<\/p>\n\n\n\n<p>Este es el centro de una de las&nbsp;<strong>rutas migratorias de aves<\/strong>&nbsp;m\u00e1s importantes del mundo, haciendo de Tarifa y el Estrecho de Gibraltar una parada obligatoria para todos los pajareros y naturalistas entusiastas.&nbsp;<strong><a href=\"https:\/\/www.birdingthestrait.com\/es\/excursiones-ornitologicas\/#x-excursiones-destinos\">Explora cuales son las posibilidades<\/a><\/strong>&nbsp;que te ofrecemos para descubrir el Estrecho y toda la provincia de C\u00e1diz.<\/p>\n\n\n\n<p>A continuaci\u00f3n te presentamos los detalles de nuestras excursiones ornitol\u00f3gicas desde Tarifa y el resto de la provincia de C\u00e1diz, as\u00ed como precios y destinos de inter\u00e9s.<\/p>\n<\/div>\n<\/div>\n<\/div>\n\n\n\n<div class=\"wp-block-column is-layout-flow wp-block-column-is-layout-flow\">\n<div class=\"wp-block-group day-trips-data has-contrast-color has-always-white-stuff-background-color has-text-color has-background is-layout-flow wp-container-core-group-is-layout-761bec92 wp-block-group-is-layout-flow\" style=\"padding-top:var(--wp--preset--spacing--30);padding-right:var(--wp--preset--spacing--30);padding-bottom:var(--wp--preset--spacing--30);padding-left:var(--wp--preset--spacing--30)\">\n<h2 class=\"wp-block-heading buo-no-margins has-large-font-size\" id=\"precios-de-excursiones-con-birding-the-strait-1\" style=\"padding-top:0;padding-right:0;padding-bottom:0;padding-left:0\">Precios de Excursiones <br>con Birding The Strait<\/h2>\n\n\n\n<div class=\"wp-block-columns are-vertically-aligned-top is-layout-flex wp-container-core-columns-is-layout-28f84493 wp-block-columns-is-layout-flex\">\n<div class=\"wp-block-column is-vertically-aligned-top is-layout-flow wp-block-column-is-layout-flow\" style=\"flex-basis:50%\">\n<h3 class=\"wp-block-heading has-primary-color has-text-color has-normal-font-size\" id=\"dia-completo-8-9-horas\" style=\"padding-top:0;padding-right:0;padding-bottom:0;padding-left:0\">D\u00eda Completo (8-9 horas)<\/h3>\n\n\n<figure class=\"wp-block-table\"><table class=\"has-fixed-layout fullday\" border=\"1\"><tbody><tr><td>220\u20ac\r<\/td><\/tr><tr><td>250\u20ac\r<\/td><\/tr><tr><td>315\u20ac\r<\/td><\/tr><tr><td>380\u20ac\r<\/td><\/tr><tr><td>425\u20ac\r<\/td><\/tr><tr><td>450\u20ac\r<\/td><\/tr><tr><td>490\u20ac<\/td><\/tr><\/tbody><\/table><\/figure>\n<button class=\"wtrvl-checkout_button\" id=\"wetravel_button_widget\" data-env=\"https:\/\/www.wetravel.com\" data-version=\"v0.3\" data-uid=\"692970\" data-uuid=\"52473203\" href=\"https:\/\/www.wetravel.com\/checkout_embed?uuid=52473203\">Reservar D&iacute;a Completo<\/button>\n                  \n<script type=\"text\/javascript\">\n( () => {\nlet lang = (document.querySelectorAll(\"html[lang=en-US]\").length > 0?\"en\":\"es\");\nlet tabla_precios = document.querySelectorAll(\"table.fullday td\");\n\ntabla_precios.forEach( (td, index) => {\n  let newtd = document.createElement(\"td\");\n  newtd.innerText = (index+1) + (lang==\"en\" ? ( index > 0 ? \" people\" : \" person\") : ( index > 0 ? \" personas\" : \" persona\") );\n  td.parentNode.insertBefore(newtd, td);\n  let personas = index + 1;\n  let precio = td.innerText.replace(\"\u20ac\",\"\");\n  let addendum = \"\";\n  if( index > 0 ){\n    addendum = \" (\" + ( parseInt(precio) \/ parseInt(personas) ) + \"\u20ac\" + (index==1?(lang==\"en\"?\" per person)\":\" por pers.)\"):\" p\/p)\");\n  }\n  td.innerText = td.innerText + addendum;\n});\n} )();\n<\/script>\n                  \n\n\n\n<p class=\"has-small-font-size\">Si quieres explorar la regi\u00f3n m\u00e1s profundamente y est\u00e1s buscando un gran n\u00famero de especies para tu lista, recomendamos pasar un d\u00eda completo con nosotros. Estas excursiones ofrecen una buena oportunidad para encontrar aquellas especies m\u00e1s dif\u00edciles. Dependiendo de tu inter\u00e9s, dise\u00f1aremos la mejor salida posible.<\/p>\n<\/div>\n\n\n\n<div class=\"wp-block-column is-vertically-aligned-top is-layout-flow wp-block-column-is-layout-flow\" style=\"flex-basis:50%\">\n<h3 class=\"wp-block-heading has-primary-color has-text-color has-normal-font-size\" id=\"medio-dia-4-horas\" style=\"padding-top:0;padding-right:0;padding-bottom:0;padding-left:0\">Medio D\u00eda (4 horas)<\/h3>\n\n\n<figure class=\"wp-block-table\"><table class=\"has-fixed-layout halfday\" border=\"1\"><tbody><tr><td>150\u20ac\r<\/td><\/tr><tr><td>170\u20ac\r<\/td><\/tr><tr><td>210\u20ac\r<\/td><\/tr><tr><td>240\u20ac\r<\/td><\/tr><tr><td>275\u20ac\r<\/td><\/tr><tr><td>300\u20ac\r<\/td><\/tr><tr><td>315\u20ac<\/td><\/tr><\/tbody><\/table><\/figure>\n<button class=\"wtrvl-checkout_button\" id=\"wetravel_button_widget\" data-env=\"https:\/\/www.wetravel.com\" data-version=\"v0.3\" data-uid=\"692970\" data-uuid=\"78235726\" href=\"https:\/\/www.wetravel.com\/checkout_embed?uuid=78235726\">Reservar Medio D&iacute;a<\/button><script src=\"https:\/\/cdn.wetravel.com\/widgets\/embed_checkout.js\" type=\"text\/javascript\"><\/script>\n                  \n<script type=\"text\/javascript\">\n( () => {\nlet lang = (document.querySelectorAll(\"html[lang=en-US]\").length > 0?\"en\":\"es\");\nlet tabla_precios = document.querySelectorAll(\"table.halfday td\");\n\ntabla_precios.forEach( (td, index) => {\n  let newtd = document.createElement(\"td\");\n  newtd.innerText = (index+1) + (lang==\"en\" ? ( index > 0 ? \" people\" : \" person\") : ( index > 0 ? \" personas\" : \" persona\") );\n  td.parentNode.insertBefore(newtd, td);\n  let personas = index + 1;\n  let precio = td.innerText.replace(\"\u20ac\",\"\");\n  let addendum = \"\";\n  if( index > 0 ){\n    addendum = \" (\" + ( parseInt(precio) \/ parseInt(personas) ) + \"\u20ac\" + (index==1?(lang==\"en\"?\" per person)\":\" por pers.)\"):\" p\/p)\");\n  }\n  td.innerText = td.innerText + addendum;\n});\n} )();\n<\/script>\n                  \n\n\n\n<p class=\"has-small-font-size\">Una excursi\u00f3n de medio d\u00eda es una gran opci\u00f3n si no se dispone de mucho tiempo, o si \u00fanicamente deseas una introducci\u00f3n a la regi\u00f3n, las aves y fauna. Hay muchos lugares atractivos cerca de Tarifa y en el Estrecho de Gibraltar para elegir, dependiendo de tus intereses. Te podemos ayudar para elegir la mejor ruta para su excursi\u00f3n. <\/p>\n<\/div>\n<\/div>\n\n\n\n<figure style=\"font-size:clamp(14px, 0.875rem + ((1vw - 3.2px) * 0.114), 15px);\" class=\"wp-block-table\"><table class=\"has-fixed-layout\" style=\"border-style:none;border-width:0px\"><tbody><tr><td>* No hay coste adicional por la recogida siempre que tu alojamiento est\u00e9 a menos de 50km de Tarifa. Un suplemento extra de 60\u20ac se cobrar\u00e1 en el caso de tener que recoger a una distancia mayor de 50km de Tarifa, como la ciudad de C\u00e1diz o Bonanza, por ejemplo. No habr\u00e1 servicio de recogida en destinos m\u00e1s lejanos que estos dos \u00faltimos.<\/td><\/tr><tr><td>** Traslados desde Tarifa hasta la Bah\u00eda de C\u00e1diz, Parque Natural de Do\u00f1ana y otras \u00e1reas a partir de 60 km de distancia desde Tarifa tendr\u00e1n un suplemento adicional de 60\u20ac. Este suplemento no se sumar\u00e1 en caso de que ya aplique el suplemento por recogida y el destino est\u00e9 a menos de 60km de dicho lugar de encuentro.<\/td><\/tr><\/tbody><\/table><\/figure>\n<\/div>\n<\/div>\n<\/div>\n\n\n\n<h3 class=\"wp-block-heading\" id=\"excursiones-mas-extensas\">Excursiones m\u00e1s extensas<\/h3>\n\n\n\n<p>Tambi\u00e9n ofrecemos excursiones ornitol\u00f3gicas de un d\u00eda a lugares algo m\u00e1s lejos de Tarifa y el Estrecho de Gibraltar. \u00c1reas como la Do\u00f1ana Gaditana, el Parque Natural de la Sierra de Grazalema y las monta\u00f1as de Ronda, ofrecen una gran diversidad y el complemento perfecto al Estrecho de Gibraltar. Si tienes algunos d\u00edas en Tarifa u otro lugar de la provincia de C\u00e1diz, podemos organizar una excursi\u00f3n para la observaci\u00f3n de aves a estas zonas. Por favor,&nbsp;<a href=\"https:\/\/www.birdingthestrait.com\/es\/contacto\/\"><strong>cont\u00e1ctanos<\/strong><\/a>&nbsp;y te diremos cuales son las mejores opciones.<\/p>\n\n\n\n<p><em>* Nuestras tarifas incluyen un itinerario totalmente personalizado de acuerdo a tus preferencias, un gu\u00eda local especializado, transporte en veh\u00edculo privado y la lista completa de aves y otra fauna vista durante la excursi\u00f3n. Nuestras excursiones normalmente comienzan en Tarifa, pero las recogidas y traslados a otros puntos de la provincia se pueden gestionar bajo petici\u00f3n.<\/em><\/p>\n\n\n\n<div class=\"wp-block-group has-global-padding is-layout-constrained wp-block-group-is-layout-constrained\">\n<h2 class=\"wp-block-heading\">\u00a1Cont\u00e1ctanos!<\/h2>\n\n\n\n<form name=\"buoForm\"\n   data-options='{\n     \"name\":{\"label\":\"Nombre y Apellido\",\"type\":\"text\",\"required\":\"1\"},\n     \"email\":{\"label\":\"Email\",\"type\":\"email\",\"required\":\"1\"},\n     \"phone\":{\"label\":\"Tel\u00e9fono\",\"type\":\"text\",\"required\":\"0\"},\n     \"subject\":{\"label\":\"Asunto\",\"type\":\"text\",\"required\":\"0\"},\n     \"comment\":{\"label\":\"Comentario\",\"type\":\"textarea\",\"required\":\"1\"}\n   }'>\n    <noscript>Por favor habilita JavaScript en tu navegador, es imprescindible para el funcionamiento de los formularios<\/noscript>\n<\/form>\n<\/div>\n\n\n\n<hr class=\"wp-block-separator has-css-opacity is-style-dots\" \/>\n\n\n\n<div class=\"wp-block-group alignwide is-layout-flow wp-block-group-is-layout-flow\">\n<h3 class=\"wp-block-heading\" id=\"destinos-para-excursiones-ornitologicas-desde-tarifa-1\">DESTINOS PARA EXCURSIONES ORNITOL\u00d3GICAS desde TARIFA<\/h3>\n\n\n\n<div class=\"wp-block-media-text alignwide is-stacked-on-mobile is-vertically-aligned-top is-image-fill-element is-style-twentytwentyone-border has-always-dark-stuff-color has-text-color has-background\" style=\"background-color:#deded2;grid-template-columns:59% auto\"><figure class=\"wp-block-media-text__media\"><img decoding=\"async\" src=\"https:\/\/birdingthestrait.com\/wp-content\/uploads\/sites\/2\/2021\/12\/MG_5463_S_S.jpg\" alt=\"\" class=\"wp-image-83 size-full\" style=\"object-position:50% 50%\" \/><\/figure><div class=\"wp-block-media-text__content\">\n<div class=\"wp-block-group is-layout-flow wp-block-group-is-layout-flow\" style=\"padding-top:var(--wp--preset--spacing--30);padding-right:0;padding-bottom:var(--wp--preset--spacing--30);padding-left:0\">\n<h3 class=\"wp-block-heading has-large-font-size\" id=\"tarifa-y-observatorios-de-migracion-1\" style=\"padding-top:0;padding-right:0;padding-bottom:0;padding-left:0\">Tarifa y observatorios de migraci\u00f3n<\/h3>\n\n\n\n<p style=\"font-size:13px\">Hablar sobre la observaci\u00f3n de aves en Tarifa y el Estrecho de Gibraltar es hablar sobre la migraci\u00f3n de rapaces. De hecho, esta es una de las rutas de migraci\u00f3n m\u00e1s concurridas del planeta. Dos veces al a\u00f1o, miles de aves rapaces usan el Estrecho como un puente entre su regi\u00f3n natal en Europa y sus cuarteles de invierno al sur del Sahara. Se han registrado hasta 36 especies de rapaces en el Estrecho en los \u00faltimos a\u00f1os. Sin embargo, las enormes concentraciones de aves rapaces son un indicador m\u00e1s significativo de la magnitud de este fen\u00f3meno. Por ejemplo, m\u00e1s de 20,000 abejeros europeos, 9,000 milanos negros, 5,000 \u00e1guilas culebreras, 3,500 \u00e1guilas calzadas y m\u00e1s de 300 alimoches se han observado en un solo d\u00eda de migraci\u00f3n.<\/p>\n<\/div>\n<\/div><\/div>\n\n\n\n<div class=\"wp-block-media-text alignwide is-stacked-on-mobile is-vertically-aligned-top is-image-fill-element is-style-twentytwentyone-border has-always-dark-stuff-color has-text-color has-background\" style=\"background-color:#deded2;grid-template-columns:59% auto\"><figure class=\"wp-block-media-text__media\"><img decoding=\"async\" src=\"https:\/\/birdingthestrait.com\/wp-content\/uploads\/sites\/2\/2021\/12\/MG_6608_S_S.jpg\" alt=\"\" class=\"wp-image-84 size-full\" style=\"object-position:50% 50%\" \/><\/figure><div class=\"wp-block-media-text__content\">\n<div class=\"wp-block-group is-layout-flow wp-block-group-is-layout-flow\" style=\"padding-top:var(--wp--preset--spacing--30);padding-right:0;padding-bottom:var(--wp--preset--spacing--30);padding-left:0\">\n<h3 class=\"wp-block-heading has-large-font-size\" id=\"la-janda\" style=\"padding-top:0;padding-right:0;padding-bottom:0;padding-left:0\">La Janda<\/h3>\n\n\n\n<p style=\"font-size:13px\">La Janda, antiguamente entre los humedales m\u00e1s importantes de la cuenca mediterr\u00e1nea, a\u00fan posee poblaciones de aves espectaculares. Esto es especialmente cierto durante el per\u00edodo de migraci\u00f3n e invierno. La observaci\u00f3n de aves en La Janda siempre es gratificante y es una de nuestras excursiones ornitol\u00f3gicas m\u00e1s solicitadas.<\/p>\n\n\n\n<p style=\"font-size:13px\">La antigua Laguna de La Janda ofrece oportunidades incomparables para la fotograf\u00eda de vida silvestre. \u00c1guila imperial ib\u00e9rica, \u00e1guila perdicera, aguilucho lagunero, aguilucho cenizo, aguilucho p\u00e1lido, milano negro, lechuza campestre, canastera y gorri\u00f3n moruno son algunas de las especies m\u00e1s interesantes. Las grandes extensiones de arrozales inundados atraen cantidades considerables de cig\u00fce\u00f1as y garcetas. Adem\u00e1s de los cultivos de arroz, las coloridas bandadas de jilgueros, verderones, verdecillos y pardillos se alimentan de semillas de girasol. Por \u00faltimo, La Janda es el refugio de invierno m\u00e1s meridional para cientos de grullas del norte de Europa<\/p>\n<\/div>\n<\/div><\/div>\n\n\n\n<div class=\"wp-block-media-text alignwide is-stacked-on-mobile is-vertically-aligned-top is-image-fill-element is-style-twentytwentyone-border has-always-dark-stuff-color has-text-color has-background\" style=\"background-color:#deded2;grid-template-columns:59% auto\"><figure class=\"wp-block-media-text__media\"><img decoding=\"async\" src=\"https:\/\/birdingthestrait.com\/wp-content\/uploads\/sites\/2\/2021\/12\/MG_7960_S_S.jpg\" alt=\"\" class=\"wp-image-85 size-full\" style=\"object-position:50% 50%\" \/><\/figure><div class=\"wp-block-media-text__content\">\n<div class=\"wp-block-group is-layout-flow wp-block-group-is-layout-flow\" style=\"padding-top:var(--wp--preset--spacing--30);padding-right:0;padding-bottom:var(--wp--preset--spacing--30);padding-left:0\">\n<h3 class=\"wp-block-heading has-large-font-size\" id=\"las-marismas-de-barbate-y-el-ibis-eremita-1\" style=\"padding-top:0;padding-right:0;padding-bottom:0;padding-left:0\">Las marismas de Barbate y el Ibis Eremita<\/h3>\n\n\n\n<p style=\"font-size:13px\">Las marismas de Barbate y sus alrededores albergan a una de las especies de aves m\u00e1s escasas y en peligro de extinci\u00f3n del mundo: el Ibis Eremita. Antiguas pinturas rupestres dan testimonio de la antigua presencia de esta carism\u00e1tica ave en el Estrecho de Gibraltar y la provincia de C\u00e1diz. Gracias a un exitoso proyecto de reintroducci\u00f3n, el Ibis Eremita ahora se reproduce y alimenta libremente en el Estrecho de Gibraltar. M\u00e1s de veinte parejas reproductoras y m\u00e1s de 80 individuos ocupan dos colonias diferentes en el \u00e1rea, y todos los indicadores apuntan a una tendencia futura positiva. Debido a esto, hoy en d\u00eda no hay mejor lugar en el mundo para admirar y fotografiar a esta amenazada ave.&nbsp;La observaci\u00f3n del ibis eremita en libertad es una imagen ins\u00f3lita que te transportar\u00e1 a tiempos pret\u00e9ritos.<\/p>\n<\/div>\n<\/div><\/div>\n\n\n\n<div class=\"wp-block-media-text alignwide is-stacked-on-mobile is-vertically-aligned-top is-image-fill-element is-style-twentytwentyone-border has-always-dark-stuff-color has-text-color has-background\" style=\"background-color:#deded2;grid-template-columns:59% auto\"><figure class=\"wp-block-media-text__media\"><img decoding=\"async\" src=\"https:\/\/birdingthestrait.com\/wp-content\/uploads\/sites\/2\/2021\/12\/MG_9262_S_S.jpg\" alt=\"\" class=\"wp-image-86 size-full\" style=\"object-position:33% 72%\" \/><\/figure><div class=\"wp-block-media-text__content\">\n<div class=\"wp-block-group is-layout-flow wp-block-group-is-layout-flow\" style=\"padding-top:var(--wp--preset--spacing--30);padding-right:0;padding-bottom:var(--wp--preset--spacing--30);padding-left:0\">\n<h3 class=\"wp-block-heading has-large-font-size\" id=\"sierra-de-la-plata\" style=\"padding-top:0;padding-right:0;padding-bottom:0;padding-left:0\">Sierra de la Plata<\/h3>\n\n\n\n<p style=\"font-size:13px\">Situada muy cerca de Tarifa, en el extremo norte del Parque Natural del Estrecho, la Sierra de la Plata y la playa de Bolonia ofrecen algunos de los paisajes m\u00e1s bellos y variados del Estrecho de Gibraltar. La transici\u00f3n entre playas v\u00edrgenes a dunas de arena, bosques de pinos y alcornoques, acantilados de monta\u00f1a con vistas a la costa africana, crean un paisaje \u00fanico. Los cantiles albergan una gran poblaci\u00f3n de Buitre Leonado, y especies como el Alimoche, en peligro de extinci\u00f3n en la regi\u00f3n, y el Roquero Solitario. Esta es tambi\u00e9n un \u00e1rea apropiada para encontrar el Pito Real Ib\u00e9rico, que recientemente ha sido reconocido como un endemismo ib\u00e9rico. Sus reclamos seguramente llamar\u00e1n la atenci\u00f3n del observador.<\/p>\n\n\n\n<p style=\"font-size:13px\">Los bordes de las dunas son especialmente ricos en endemismos bot\u00e1nicos y acogen a una poblaci\u00f3n de camaleones mediterr\u00e1neos. Justo al lado de la playa, vale la pena visitar la antigua y bien conservada ciudad romana de Baelo Claudia. Un recorrido por las columnas, los acueductos y el anfiteatro, se rodean de un paisaje natural, haciendo de esta visita una experiencia \u00fanica.<\/p>\n<\/div>\n<\/div><\/div>\n\n\n\n<div class=\"wp-block-media-text alignwide is-stacked-on-mobile is-vertically-aligned-top is-image-fill-element is-style-twentytwentyone-border has-always-dark-stuff-color has-text-color has-background\" style=\"background-color:#deded2;grid-template-columns:59% auto\"><figure class=\"wp-block-media-text__media\"><img decoding=\"async\" src=\"https:\/\/birdingthestrait.com\/wp-content\/uploads\/sites\/2\/2021\/12\/P6230014_S_S.jpg\" alt=\"\" class=\"wp-image-87 size-full\" style=\"object-position:60% 51%\" \/><\/figure><div class=\"wp-block-media-text__content\">\n<div class=\"wp-block-group is-layout-flow wp-block-group-is-layout-flow\" style=\"padding-top:var(--wp--preset--spacing--30);padding-right:0;padding-bottom:var(--wp--preset--spacing--30);padding-left:0\">\n<h3 class=\"wp-block-heading has-large-font-size\" id=\"los-alcornocales\" style=\"padding-top:0;padding-right:0;padding-bottom:0;padding-left:0\">Los Alcornocales<\/h3>\n\n\n\n<p style=\"font-size:13px\">El alcornoque es un \u00e1rbol emblem\u00e1tico del bosque mediterr\u00e1neo. El Parque Natural de Los Alcornocales alberga el bosque de alcornoques m\u00e1s grande y mejor conservado de Europa. El manejo tradicional y sostenible de este bosque, resulta en un ambiente de sorprendente belleza y biodiversidad. Sus suelos ricos y los abundantes arroyos umbr\u00edos se suman a un ambiente de gran belleza.&nbsp;El mosquitero ib\u00e9rico, mosquitero papialbo, reyezuelo listado, herrerillo capuchino, trepador azul y la curruca capirotada est\u00e1n presentes en las zonas m\u00e1s densas del bosque. Aqu\u00ed son &nbsp;f\u00e1cilmente detectables gracias a su canto. Mientras, la totov\u00eda y el escribano sote\u00f1o ocupan los claros del bosque.&nbsp;Los bosques de ribera del parque albergan poblaciones relictas de algunas de las lib\u00e9lulas m\u00e1s escasas del continente como la Macromia splendens o la Oxygastra curtisii, supervivientes de la era cuaternaria.<\/p>\n<\/div>\n<\/div><\/div>\n\n\n\n<div class=\"wp-block-media-text alignwide is-stacked-on-mobile is-vertically-aligned-top is-image-fill-element is-style-twentytwentyone-border has-always-dark-stuff-color has-text-color has-background\" style=\"background-color:#deded2;grid-template-columns:59% auto\"><figure class=\"wp-block-media-text__media\"><img decoding=\"async\" src=\"https:\/\/birdingthestrait.com\/wp-content\/uploads\/sites\/2\/2021\/12\/MG_7240_S_S.jpg\" alt=\"\" class=\"wp-image-88 size-full\" style=\"object-position:50% 50%\" \/><\/figure><div class=\"wp-block-media-text__content\">\n<div class=\"wp-block-group is-layout-flow wp-block-group-is-layout-flow\" style=\"padding-top:var(--wp--preset--spacing--30);padding-right:0;padding-bottom:var(--wp--preset--spacing--30);padding-left:0\">\n<h3 class=\"wp-block-heading has-large-font-size\" id=\"avistamiento-de-cetaceos-1\" style=\"padding-top:0;padding-right:0;padding-bottom:0;padding-left:0\">Avistamiento de Cet\u00e1ceos<\/h3>\n\n\n\n<p style=\"font-size:13px\">Siempre recomendamos a todos los visitantes que realicen un viaje de observaci\u00f3n de ballenas en el Estrecho de Gibraltar. Estos viajes salen del puerto de Tarifa y toman un promedio de 2 horas. En muy pocos lugares del mundo se puede observar hasta 7 especies de cet\u00e1ceos en tan poco tiempo y tan cerca de la costa. Birding The Strait puede organizar viajes privados en una lancha semiinflable (m\u00e1ximo 10 personas). Tambi\u00e9n organizamos reservas con barcos m\u00e1s grandes con otros pasajeros.&nbsp;Nuestras excursiones en barco se pueden combinar con una excursi\u00f3n de observaci\u00f3n de aves o hacer por separado. Por favor,&nbsp;<a href=\"http:\/\/new.birdingcadiz.com\/es\/contacto\/\"><strong>cont\u00e1ctanos<\/strong><\/a>&nbsp;para preguntar por los precios.<\/p>\n<\/div>\n<\/div><\/div>\n<\/div>\n\n\n\n<hr class=\"wp-block-separator has-css-opacity is-style-dots\" \/>\n\n\n\n<div class=\"wp-block-group alignwide is-layout-flow wp-block-group-is-layout-flow\">\n<h2 class=\"wp-block-heading\" id=\"excursiones-ornitologicas-a-otros-destinos-en-cadiz-y-malaga\">EXCURSIONES ORNITOL\u00d3GICAS A OTROS DESTINOS EN C\u00c1DIZ Y M\u00c1LAGA<\/h2>\n\n\n\n<div class=\"wp-block-media-text alignwide has-media-on-the-right is-stacked-on-mobile is-image-fill-element has-always-dark-stuff-color has-always-white-stuff-background-color has-text-color has-background\"><div class=\"wp-block-media-text__content\">\n<div class=\"wp-block-group has-global-padding is-layout-constrained wp-container-core-group-is-layout-4fb826bc wp-block-group-is-layout-constrained\" style=\"padding-top:var(--wp--preset--spacing--30);padding-right:0;padding-bottom:var(--wp--preset--spacing--30);padding-left:0\">\n<h3 class=\"wp-block-heading\" id=\"la-donana-gaditana\" style=\"padding-top:0;padding-right:0;padding-bottom:0;padding-left:0\">La Do\u00f1ana Gaditana<\/h3>\n\n\n\n<p style=\"font-size:13px\">El margen oriental de la desembocadura del r\u00edo Guadalquivir, en la provincia de C\u00e1diz, es muy poco visitada. Es tambi\u00e9n una de las zonas m\u00e1s interesantes del Parque Natural de Do\u00f1ana. Aqu\u00ed, un mosaico de salinas y cultivos acu\u00edcolas, junto con lagunas, vi\u00f1edos, pinares y pastos, crean una zona h\u00fameda de enorme biodiversidad. Abundan especies de gran inter\u00e9s, como la cerceta pardilla, la malvas\u00eda cabeciblanca, la gaviota picofina, el fumarel cariblanco, el morito, los flamencos, las esp\u00e1tulas, el alzacola, la curruca tomillera y la terrera marisme\u00f1a.&nbsp;La Do\u00f1ana gaditana es el destino perfecto para una excursi\u00f3n ornitol\u00f3gica de un d\u00eda desde Tarifa. Adem\u00e1s, puede combinarse perfectamente con una visita a la \u00fanica colonia de vencejo moro en Europa. De hecho, a lo largo de esta ruta y en un mismo d\u00eda \u00a1pueden llegar a verse las cinco especies de vencejos europeos!<\/p>\n<\/div>\n<\/div><figure class=\"wp-block-media-text__media\"><img decoding=\"async\" src=\"https:\/\/birdingthestrait.com\/wp-content\/uploads\/sites\/2\/2021\/12\/MG_1484_S_S.jpg\" alt=\"\" class=\"wp-image-95 size-full\" style=\"object-position:50% 50%\" \/><\/figure><\/div>\n\n\n\n<div class=\"wp-block-media-text alignwide has-media-on-the-right is-stacked-on-mobile is-image-fill-element has-always-dark-stuff-color has-always-white-stuff-background-color has-text-color has-background\"><div class=\"wp-block-media-text__content\">\n<div class=\"wp-block-group has-global-padding is-layout-constrained wp-container-core-group-is-layout-4fb826bc wp-block-group-is-layout-constrained\" style=\"padding-top:var(--wp--preset--spacing--30);padding-right:0;padding-bottom:var(--wp--preset--spacing--30);padding-left:0\">\n<h3 class=\"wp-block-heading\" id=\"sierra-de-grazalema-y-ronda\" style=\"padding-top:0;padding-right:0;padding-bottom:0;padding-left:0\">Sierra de Grazalema y Ronda<\/h3>\n\n\n\n<p style=\"font-size:13px\">En las monta\u00f1as del interior de C\u00e1diz y la provincia de M\u00e1laga, puedes encontrar un paisaje radicalmente diferente. Los afloramientos de piedra caliza crean un hermoso paisaje, hogar de la cabra mont\u00e9s.&nbsp;Aqu\u00ed tendremos la oportunidad de observar collalba negra, escribano montesino y gorri\u00f3n chill\u00f3n. En cuanto a rapaces, los buitres leonados son muy abundantes. Mientras, el \u00e1guila perdicera y el \u00e1guila real tienen varios territorios en la regi\u00f3n. En el camino a Grazalema, puedes ver varios &#8216;Pueblos Blancos&#8217;, t\u00edpicos de esta regi\u00f3n de Espa\u00f1a. Ronda se encuentra en una zona monta\u00f1osa, en lo alto de un enorme afloramiento rocoso. Desde all\u00ed podemos observar avi\u00f3n roquero, vencejo real y chova piquirroja. Aqu\u00ed tambi\u00e9n se reproduce el halc\u00f3n peregrino&nbsp;de la subespecie&nbsp;<em>brokeei<\/em>&nbsp;del Mediterr\u00e1neo.<\/p>\n<\/div>\n<\/div><figure class=\"wp-block-media-text__media\"><img decoding=\"async\" src=\"https:\/\/birdingthestrait.com\/wp-content\/uploads\/sites\/2\/2021\/12\/MG_7028_S_S.jpg\" alt=\"\" class=\"wp-image-96 size-full\" style=\"object-position:50% 50%\" \/><\/figure><\/div>\n\n\n\n<div class=\"wp-block-media-text alignwide has-media-on-the-right is-stacked-on-mobile is-image-fill-element has-always-dark-stuff-color has-always-white-stuff-background-color has-text-color has-background\"><div class=\"wp-block-media-text__content\">\n<div class=\"wp-block-group has-global-padding is-layout-constrained wp-container-core-group-is-layout-4fb826bc wp-block-group-is-layout-constrained\" style=\"padding-top:var(--wp--preset--spacing--30);padding-right:0;padding-bottom:var(--wp--preset--spacing--30);padding-left:0\">\n<h3 class=\"wp-block-heading\" id=\"salidas-pelagicas-en-el-golfo-cadiz\" style=\"padding-top:0;padding-right:0;padding-bottom:0;padding-left:0\">Salidas Pel\u00e1gicas en el Golfo C\u00e1diz<\/h3>\n\n\n\n<p style=\"font-size:13px\">El Golfo de C\u00e1diz es un lugar excepcional para realizar salidas pel\u00e1gicas en barco y observar aves marinas. Algunas especies habituales en estas salidas son: P\u00e1galo Grande, P\u00e1galo Par\u00e1sito, Pai\u00f1o Europeo, Pai\u00f1o de Wilson, Pardela Balear y Pardela Cenicienta, entre otras. Realizamos salidas pel\u00e1gicas puntuales durante los meses de Julio a Octubre y las notificamos a trav\u00e9s de nuestro bolet\u00edn y las redes sociales. Puedes conocer m\u00e1s sobre&nbsp;<a rel=\"noreferrer noopener\" href=\"https:\/\/www.birdingthestrait.com\/blog\/salida-pelagica-en-cadiz\/\" target=\"_blank\">nuestras salidas pel\u00e1gicas aqu\u00ed<\/a>.<\/p>\n<\/div>\n<\/div><figure class=\"wp-block-media-text__media\"><img decoding=\"async\" src=\"https:\/\/birdingthestrait.com\/wp-content\/uploads\/sites\/2\/2021\/12\/Arctic-Skua-Pelagic-Cadiz.jpg\" alt=\"\" class=\"wp-image-97 size-full\" style=\"object-position:34% 21%\" \/><\/figure><\/div>\n<\/div>\n\n\n\n<div class=\"wp-block-group has-global-padding is-layout-constrained wp-block-group-is-layout-constrained\">\n<h2 class=\"wp-block-heading\">Que traer al campo<\/h2>\n\n\n\n<ol class=\"wp-block-list\">\n<li>Agua<\/li>\n\n\n\n<li>Gorra y protector solar<\/li>\n\n\n\n<li>Calzado comfortable para caminar<\/li>\n\n\n\n<li>Chaqueta, cortavientos o impermeable para clima m\u00e1s fresco<\/li>\n\n\n\n<li>Prism\u00e1ticos. Si no se tiene o se necesita alguno, podemos proveer \u00f3pticas sin coste extra.<\/li>\n\n\n\n<li>Siempre llevamos un buen telescopio con nosotros, pero puedes traer el tuyo con total libertad.<\/li>\n\n\n\n<li>Nota: Durante los d\u00edas completos recomendamos parar en restaurantes locales para comer. De todas formas, se puede traer comida picnic si es la opci\u00f3n preferida.<\/li>\n<\/ol>\n<\/div>\n","protected":false},"excerpt":{"rendered":"<p>Excursiones ornitol\u00f3gicas desde Tarifa Birding The Strait&nbsp;organiza excursiones ornitol\u00f3gicas desde&nbsp;Tarifa, el&nbsp;Estrecho de Gibraltar&nbsp;y otros puntos de la provincia de&nbsp;C\u00e1diz. Estas salidas son apropiadas para personas que viajen solas, parejas, familias y grupos de amigos. Si te est\u00e1s alojando en Tarifa o cualquier otro pueblo en la provincia de C\u00e1diz, podemos organizar una excursi\u00f3n de observaci\u00f3n [&hellip;]<\/p>\n","protected":false},"author":1,"featured_media":0,"parent":0,"menu_order":0,"comment_status":"closed","ping_status":"closed","template":"","meta":{"footnotes":""},"class_list":["post-182","page","type-page","status-publish","hentry"],"yoast_head":"<!-- This site is optimized with the Yoast SEO plugin v27.2 - https:\/\/yoast.com\/product\/yoast-seo-wordpress\/ -->\n<title>Excursiones ornitol\u00f3gicas desde Tarifa - Birding the Strait<\/title>\n<meta name=\"description\" content=\"Explora nuestras excursiones ornitol\u00f3gicas en la zona del Estrecho de Gibraltar y la provincia de C\u00e1diz. Descubre aves \u00fanicas y paisajes espectaculares con nuestros expertos gu\u00edas de Birding The Strait.\" \/>\n<meta name=\"robots\" content=\"index, follow, max-snippet:-1, max-image-preview:large, max-video-preview:-1\" \/>\n<link rel=\"canonical\" href=\"https:\/\/birdingthestrait.com\/es\/excursiones-ornitologicas\/\" \/>\n<meta property=\"og:locale\" content=\"es_ES\" \/>\n<meta property=\"og:type\" content=\"article\" \/>\n<meta property=\"og:title\" content=\"Excursiones ornitol\u00f3gicas desde Tarifa - Birding the Strait\" \/>\n<meta property=\"og:description\" content=\"Explora nuestras excursiones ornitol\u00f3gicas en la zona del Estrecho de Gibraltar y la provincia de C\u00e1diz. Descubre aves \u00fanicas y paisajes espectaculares con nuestros expertos gu\u00edas de Birding The Strait.\" \/>\n<meta property=\"og:url\" content=\"https:\/\/birdingthestrait.com\/es\/excursiones-ornitologicas\/\" \/>\n<meta property=\"og:site_name\" content=\"Birding the Strait\" \/>\n<meta property=\"article:publisher\" content=\"https:\/\/www.facebook.com\/birdingthestrait\/\" \/>\n<meta property=\"article:modified_time\" content=\"2025-10-13T16:56:30+00:00\" \/>\n<meta property=\"og:image\" content=\"https:\/\/birdingthestrait.com\/es\/wp-content\/uploads\/sites\/2\/2024\/06\/aguila-calzada-rapaces-en-migracion-fotografia-de-yeray-seminario-11219.webp\" \/>\n\t<meta property=\"og:image:width\" content=\"2560\" \/>\n\t<meta property=\"og:image:height\" content=\"918\" \/>\n\t<meta property=\"og:image:type\" content=\"image\/webp\" \/>\n<meta name=\"twitter:card\" content=\"summary_large_image\" \/>\n<meta name=\"twitter:site\" content=\"@birdingstrait\" \/>\n<meta name=\"twitter:label1\" content=\"Tiempo de lectura\" \/>\n\t<meta name=\"twitter:data1\" content=\"22 minutos\" \/>\n<script type=\"application\/ld+json\" class=\"yoast-schema-graph\">{\"@context\":\"https:\/\/schema.org\",\"@graph\":[{\"@type\":\"WebPage\",\"@id\":\"https:\/\/birdingthestrait.com\/es\/excursiones-ornitologicas\/\",\"url\":\"https:\/\/birdingthestrait.com\/es\/excursiones-ornitologicas\/\",\"name\":\"Excursiones ornitol\u00f3gicas desde Tarifa - Birding the Strait\",\"isPartOf\":{\"@id\":\"https:\/\/birdingthestrait.com\/es\/#website\"},\"primaryImageOfPage\":{\"@id\":\"https:\/\/birdingthestrait.com\/es\/excursiones-ornitologicas\/#primaryimage\"},\"image\":{\"@id\":\"https:\/\/birdingthestrait.com\/es\/excursiones-ornitologicas\/#primaryimage\"},\"thumbnailUrl\":\"https:\/\/birdingthestrait.com\/es\/wp-content\/uploads\/sites\/2\/2024\/06\/Calzada-scaled.jpg\",\"datePublished\":\"2021-12-19T11:33:04+00:00\",\"dateModified\":\"2025-10-13T16:56:30+00:00\",\"description\":\"Explora nuestras excursiones ornitol\u00f3gicas en la zona del Estrecho de Gibraltar y la provincia de C\u00e1diz. Descubre aves \u00fanicas y paisajes espectaculares con nuestros expertos gu\u00edas de Birding The Strait.\",\"breadcrumb\":{\"@id\":\"https:\/\/birdingthestrait.com\/es\/excursiones-ornitologicas\/#breadcrumb\"},\"inLanguage\":\"es\",\"potentialAction\":[{\"@type\":\"ReadAction\",\"target\":[\"https:\/\/birdingthestrait.com\/es\/excursiones-ornitologicas\/\"]}]},{\"@type\":\"ImageObject\",\"inLanguage\":\"es\",\"@id\":\"https:\/\/birdingthestrait.com\/es\/excursiones-ornitologicas\/#primaryimage\",\"url\":\"https:\/\/birdingthestrait.com\/es\/wp-content\/uploads\/sites\/2\/2024\/06\/aguila-calzada-rapaces-en-migracion-fotografia-de-yeray-seminario-11219.webp\",\"contentUrl\":\"https:\/\/birdingthestrait.com\/es\/wp-content\/uploads\/sites\/2\/2024\/06\/aguila-calzada-rapaces-en-migracion-fotografia-de-yeray-seminario-11219.webp\",\"width\":2560,\"height\":918,\"caption\":\"\u00c1guila Calzada, rapaces en migraci\u00f3n. Fotograf\u00eda de Yeray Seminario.\"},{\"@type\":\"BreadcrumbList\",\"@id\":\"https:\/\/birdingthestrait.com\/es\/excursiones-ornitologicas\/#breadcrumb\",\"itemListElement\":[{\"@type\":\"ListItem\",\"position\":1,\"name\":\"Home\",\"item\":\"https:\/\/birdingthestrait.com\/es\/\"},{\"@type\":\"ListItem\",\"position\":2,\"name\":\"Excursiones ornitol\u00f3gicas desde Tarifa\"}]},{\"@type\":\"WebSite\",\"@id\":\"https:\/\/birdingthestrait.com\/es\/#website\",\"url\":\"https:\/\/birdingthestrait.com\/es\/\",\"name\":\"Birding the Strait\",\"description\":\"Viajes de Aves y Naturaleza en Espa\u00f1a y Marruecos\",\"publisher\":{\"@id\":\"https:\/\/birdingthestrait.com\/es\/#organization\"},\"potentialAction\":[{\"@type\":\"SearchAction\",\"target\":{\"@type\":\"EntryPoint\",\"urlTemplate\":\"https:\/\/birdingthestrait.com\/es\/?s={search_term_string}\"},\"query-input\":{\"@type\":\"PropertyValueSpecification\",\"valueRequired\":true,\"valueName\":\"search_term_string\"}}],\"inLanguage\":\"es\"},{\"@type\":\"Organization\",\"@id\":\"https:\/\/birdingthestrait.com\/es\/#organization\",\"name\":\"Birding the Strait\",\"url\":\"https:\/\/birdingthestrait.com\/es\/\",\"logo\":{\"@type\":\"ImageObject\",\"inLanguage\":\"es\",\"@id\":\"https:\/\/birdingthestrait.com\/es\/#\/schema\/logo\/image\/\",\"url\":\"https:\/\/birdingthestrait.com\/es\/wp-content\/uploads\/sites\/2\/2023\/10\/birdingthestrait.png\",\"contentUrl\":\"https:\/\/birdingthestrait.com\/es\/wp-content\/uploads\/sites\/2\/2023\/10\/birdingthestrait.png\",\"width\":228,\"height\":114,\"caption\":\"Birding the Strait\"},\"image\":{\"@id\":\"https:\/\/birdingthestrait.com\/es\/#\/schema\/logo\/image\/\"},\"sameAs\":[\"https:\/\/www.facebook.com\/birdingthestrait\/\",\"https:\/\/x.com\/birdingstrait\"]}]}<\/script>\n<!-- \/ Yoast SEO plugin. -->","yoast_head_json":{"title":"Excursiones ornitol\u00f3gicas desde Tarifa - Birding the Strait","description":"Explora nuestras excursiones ornitol\u00f3gicas en la zona del Estrecho de Gibraltar y la provincia de C\u00e1diz. Descubre aves \u00fanicas y paisajes espectaculares con nuestros expertos gu\u00edas de Birding The Strait.","robots":{"index":"index","follow":"follow","max-snippet":"max-snippet:-1","max-image-preview":"max-image-preview:large","max-video-preview":"max-video-preview:-1"},"canonical":"https:\/\/birdingthestrait.com\/es\/excursiones-ornitologicas\/","og_locale":"es_ES","og_type":"article","og_title":"Excursiones ornitol\u00f3gicas desde Tarifa - Birding the Strait","og_description":"Explora nuestras excursiones ornitol\u00f3gicas en la zona del Estrecho de Gibraltar y la provincia de C\u00e1diz. Descubre aves \u00fanicas y paisajes espectaculares con nuestros expertos gu\u00edas de Birding The Strait.","og_url":"https:\/\/birdingthestrait.com\/es\/excursiones-ornitologicas\/","og_site_name":"Birding the Strait","article_publisher":"https:\/\/www.facebook.com\/birdingthestrait\/","article_modified_time":"2025-10-13T16:56:30+00:00","og_image":[{"width":2560,"height":918,"url":"https:\/\/birdingthestrait.com\/es\/wp-content\/uploads\/sites\/2\/2024\/06\/aguila-calzada-rapaces-en-migracion-fotografia-de-yeray-seminario-11219.webp","type":"image\/webp"}],"twitter_card":"summary_large_image","twitter_site":"@birdingstrait","twitter_misc":{"Tiempo de lectura":"22 minutos"},"schema":{"@context":"https:\/\/schema.org","@graph":[{"@type":"WebPage","@id":"https:\/\/birdingthestrait.com\/es\/excursiones-ornitologicas\/","url":"https:\/\/birdingthestrait.com\/es\/excursiones-ornitologicas\/","name":"Excursiones ornitol\u00f3gicas desde Tarifa - Birding the Strait","isPartOf":{"@id":"https:\/\/birdingthestrait.com\/es\/#website"},"primaryImageOfPage":{"@id":"https:\/\/birdingthestrait.com\/es\/excursiones-ornitologicas\/#primaryimage"},"image":{"@id":"https:\/\/birdingthestrait.com\/es\/excursiones-ornitologicas\/#primaryimage"},"thumbnailUrl":"https:\/\/birdingthestrait.com\/es\/wp-content\/uploads\/sites\/2\/2024\/06\/Calzada-scaled.jpg","datePublished":"2021-12-19T11:33:04+00:00","dateModified":"2025-10-13T16:56:30+00:00","description":"Explora nuestras excursiones ornitol\u00f3gicas en la zona del Estrecho de Gibraltar y la provincia de C\u00e1diz. Descubre aves \u00fanicas y paisajes espectaculares con nuestros expertos gu\u00edas de Birding The Strait.","breadcrumb":{"@id":"https:\/\/birdingthestrait.com\/es\/excursiones-ornitologicas\/#breadcrumb"},"inLanguage":"es","potentialAction":[{"@type":"ReadAction","target":["https:\/\/birdingthestrait.com\/es\/excursiones-ornitologicas\/"]}]},{"@type":"ImageObject","inLanguage":"es","@id":"https:\/\/birdingthestrait.com\/es\/excursiones-ornitologicas\/#primaryimage","url":"https:\/\/birdingthestrait.com\/es\/wp-content\/uploads\/sites\/2\/2024\/06\/aguila-calzada-rapaces-en-migracion-fotografia-de-yeray-seminario-11219.webp","contentUrl":"https:\/\/birdingthestrait.com\/es\/wp-content\/uploads\/sites\/2\/2024\/06\/aguila-calzada-rapaces-en-migracion-fotografia-de-yeray-seminario-11219.webp","width":2560,"height":918,"caption":"\u00c1guila Calzada, rapaces en migraci\u00f3n. Fotograf\u00eda de Yeray Seminario."},{"@type":"BreadcrumbList","@id":"https:\/\/birdingthestrait.com\/es\/excursiones-ornitologicas\/#breadcrumb","itemListElement":[{"@type":"ListItem","position":1,"name":"Home","item":"https:\/\/birdingthestrait.com\/es\/"},{"@type":"ListItem","position":2,"name":"Excursiones ornitol\u00f3gicas desde Tarifa"}]},{"@type":"WebSite","@id":"https:\/\/birdingthestrait.com\/es\/#website","url":"https:\/\/birdingthestrait.com\/es\/","name":"Birding the Strait","description":"Viajes de Aves y Naturaleza en Espa\u00f1a y Marruecos","publisher":{"@id":"https:\/\/birdingthestrait.com\/es\/#organization"},"potentialAction":[{"@type":"SearchAction","target":{"@type":"EntryPoint","urlTemplate":"https:\/\/birdingthestrait.com\/es\/?s={search_term_string}"},"query-input":{"@type":"PropertyValueSpecification","valueRequired":true,"valueName":"search_term_string"}}],"inLanguage":"es"},{"@type":"Organization","@id":"https:\/\/birdingthestrait.com\/es\/#organization","name":"Birding the Strait","url":"https:\/\/birdingthestrait.com\/es\/","logo":{"@type":"ImageObject","inLanguage":"es","@id":"https:\/\/birdingthestrait.com\/es\/#\/schema\/logo\/image\/","url":"https:\/\/birdingthestrait.com\/es\/wp-content\/uploads\/sites\/2\/2023\/10\/birdingthestrait.png","contentUrl":"https:\/\/birdingthestrait.com\/es\/wp-content\/uploads\/sites\/2\/2023\/10\/birdingthestrait.png","width":228,"height":114,"caption":"Birding the Strait"},"image":{"@id":"https:\/\/birdingthestrait.com\/es\/#\/schema\/logo\/image\/"},"sameAs":["https:\/\/www.facebook.com\/birdingthestrait\/","https:\/\/x.com\/birdingstrait"]}]}},"_links":{"self":[{"href":"https:\/\/birdingthestrait.com\/es\/wp-json\/wp\/v2\/pages\/182","targetHints":{"allow":["GET"]}}],"collection":[{"href":"https:\/\/birdingthestrait.com\/es\/wp-json\/wp\/v2\/pages"}],"about":[{"href":"https:\/\/birdingthestrait.com\/es\/wp-json\/wp\/v2\/types\/page"}],"author":[{"embeddable":true,"href":"https:\/\/birdingthestrait.com\/es\/wp-json\/wp\/v2\/users\/1"}],"replies":[{"embeddable":true,"href":"https:\/\/birdingthestrait.com\/es\/wp-json\/wp\/v2\/comments?post=182"}],"version-history":[{"count":10,"href":"https:\/\/birdingthestrait.com\/es\/wp-json\/wp\/v2\/pages\/182\/revisions"}],"predecessor-version":[{"id":11505,"href":"https:\/\/birdingthestrait.com\/es\/wp-json\/wp\/v2\/pages\/182\/revisions\/11505"}],"wp:attachment":[{"href":"https:\/\/birdingthestrait.com\/es\/wp-json\/wp\/v2\/media?parent=182"}],"curies":[{"name":"wp","href":"https:\/\/api.w.org\/{rel}","templated":true}]}}